{"id":2428,"date":"2025-06-12T17:40:50","date_gmt":"2025-06-12T15:40:50","guid":{"rendered":"https:\/\/ma-navette.com\/?page_id=2428"},"modified":"2025-12-02T12:15:22","modified_gmt":"2025-12-02T11:15:22","slug":"presse","status":"publish","type":"page","link":"https:\/\/ma-navette.com\/index.php\/presse\/","title":{"rendered":"PRESSE"},"content":{"rendered":"\t\t<div data-elementor-type=\"wp-page\" data-elementor-id=\"2428\" class=\"elementor elementor-2428\">\n\t\t\t\t\t\t<section class=\"elementor-section elementor-top-section elementor-element elementor-element-e34adbf elementor-section-boxed elementor-section-height-default elementor-section-height-default wpr-particle-no wpr-jarallax-no wpr-parallax-no wpr-sticky-section-no\" data-id=\"e34adbf\" data-element_type=\"section\">\n\t\t\t\t\t\t<div class=\"elementor-container elementor-column-gap-default\">\n\t\t\t\t\t<div class=\"elementor-column elementor-col-100 elementor-top-column elementor-element elementor-element-cfcc936\" data-id=\"cfcc936\" data-element_type=\"column\">\n\t\t\t<div class=\"elementor-widget-wrap elementor-element-populated\">\n\t\t\t\t\t\t<div class=\"elementor-element elementor-element-4133a15 wpr-grid-columns-3 wpr-grid-columns--tablet2 wpr-grid-columns--mobile1 wpr-grid-pagination-center wpr-item-styles-inner elementor-widget elementor-widget-wpr-grid\" data-id=\"4133a15\" data-element_type=\"widget\" data-widget_type=\"wpr-grid.default\">\n\t\t\t\t<div class=\"elementor-widget-container\">\n\t\t\t\t\t<ul class=\"wpr-grid-filters elementor-clearfix wpr-grid-filters-sep-right\"><\/ul><section class=\"wpr-grid elementor-clearfix\" data-settings=\"{&quot;layout&quot;:&quot;fitRows&quot;,&quot;stick_last_element_to_bottom&quot;:&quot;&quot;,&quot;columns_desktop&quot;:3,&quot;gutter_hr&quot;:15,&quot;gutter_hr_mobile&quot;:15,&quot;gutter_hr_mobile_extra&quot;:15,&quot;gutter_hr_tablet&quot;:15,&quot;gutter_hr_tablet_extra&quot;:15,&quot;gutter_hr_laptop&quot;:15,&quot;gutter_hr_widescreen&quot;:15,&quot;gutter_vr&quot;:15,&quot;gutter_vr_mobile&quot;:15,&quot;gutter_vr_mobile_extra&quot;:15,&quot;gutter_vr_tablet&quot;:15,&quot;gutter_vr_tablet_extra&quot;:15,&quot;gutter_vr_laptop&quot;:15,&quot;gutter_vr_widescreen&quot;:15,&quot;animation&quot;:&quot;default&quot;,&quot;animation_duration&quot;:0.299999999999999988897769753748434595763683319091796875,&quot;animation_delay&quot;:0.1000000000000000055511151231257827021181583404541015625,&quot;deeplinking&quot;:&quot;&quot;,&quot;filters_linkable&quot;:&quot;yes&quot;,&quot;filters_default_filter&quot;:&quot;&quot;,&quot;filters_count&quot;:&quot;&quot;,&quot;filters_hide_empty&quot;:&quot;no&quot;,&quot;filters_animation&quot;:&quot;default&quot;,&quot;filters_animation_duration&quot;:0.299999999999999988897769753748434595763683319091796875,&quot;filters_animation_delay&quot;:0.1000000000000000055511151231257827021181583404541015625,&quot;pagination_type&quot;:&quot;load-more&quot;,&quot;pagination_max_pages&quot;:2,&quot;lightbox&quot;:{&quot;selector&quot;:&quot;.wpr-grid-image-wrap&quot;,&quot;iframeMaxWidth&quot;:&quot;60%&quot;,&quot;hash&quot;:false,&quot;autoplay&quot;:&quot;true&quot;,&quot;pause&quot;:5000,&quot;progressBar&quot;:&quot;true&quot;,&quot;counter&quot;:&quot;true&quot;,&quot;controls&quot;:&quot;true&quot;,&quot;getCaptionFromTitleOrAlt&quot;:&quot;true&quot;,&quot;thumbnail&quot;:&quot;&quot;,&quot;showThumbByDefault&quot;:&quot;&quot;,&quot;share&quot;:&quot;&quot;,&quot;zoom&quot;:&quot;true&quot;,&quot;fullScreen&quot;:&quot;true&quot;,&quot;download&quot;:&quot;true&quot;}}\"><article class=\"wpr-grid-item elementor-clearfix post-2586 post type-post status-publish format-standard has-post-thumbnail hentry category-non-classe\"><div class=\"wpr-grid-item-inner\"><div class=\"wpr-grid-media-wrap wpr-grayscale-in wpr-effect-size-medium \" data-overlay-link=\"yes\"><div class=\"wpr-grid-image-wrap\" data-src=\"https:\/\/ma-navette.com\/wp-content\/uploads\/2025\/06\/Burkina-Faso-transport.webp\" data-img-on-hover=\"\"  data-src-secondary=\"\"><img decoding=\"async\" data-no-lazy=\"1\" src=\"https:\/\/ma-navette.com\/wp-content\/uploads\/2025\/06\/Burkina-Faso-transport.webp\" alt=\"Transport routier : Plus de 250.000 v\u00e9hicules en circulation\" class=\"wpr-anim-timing-ease-default\"><\/div><div class=\"wpr-grid-media-hover wpr-animation-wrap\"><div class=\"wpr-grid-media-hover-bg  wpr-overlay-fade-in wpr-anim-size-large wpr-anim-timing-ease-default wpr-anim-transparency\" data-url=\"https:\/\/ma-navette.com\/index.php\/2025\/06\/18\/transport-routier-plus-de-250-000-vehicules-en-circulation\/\"><\/div><\/div><\/div><div class=\"wpr-grid-item-below-content elementor-clearfix\"><h2 class=\"wpr-grid-item-title elementor-repeater-item-0fbe11c wpr-grid-item-display-block wpr-grid-item-align-left wpr-pointer-none wpr-pointer-line-fx wpr-pointer-fx-fade\"><div class=\"inner-block\"><a target=\"_self\"  href=\"https:\/\/ma-navette.com\/index.php\/2025\/06\/18\/transport-routier-plus-de-250-000-vehicules-en-circulation\/\">Transport routier : Plus de 250.000 v\u00e9hicules en circulation<\/a><\/div><\/h2><div class=\"wpr-grid-item-date elementor-repeater-item-64b93c1 wpr-grid-item-display-inline wpr-grid-item-align-left\"><div class=\"inner-block\"><span>18 juin 2025<span class=\"wpr-grid-extra-text-right\">\/<\/span><\/span><\/div><\/div><div class=\"wpr-grid-item-excerpt elementor-repeater-item-d68d738 wpr-grid-item-display-block wpr-grid-item-align-left\"><div class=\"inner-block\"><p>Avec environ 105.000 entreprises et un parc de plus de 295.000 v\u00e9hicules, le secteur du transport routier au Maroc est...<\/p><\/div><\/div><div class=\"wpr-grid-item-read-more elementor-repeater-item-9cf8fb8 wpr-grid-item-display-block wpr-grid-item-align-left\"><div class=\"inner-block\"><a target=\"_self\" href=\"https:\/\/ma-navette.com\/index.php\/2025\/06\/18\/transport-routier-plus-de-250-000-vehicules-en-circulation\/\" class=\"wpr-button-effect wpr-button-none\"><span>  En savoir plus<\/span><\/a><\/div><\/div><\/div><\/div><\/article><article class=\"wpr-grid-item elementor-clearfix post-2580 post type-post status-publish format-standard has-post-thumbnail hentry category-non-classe\"><div class=\"wpr-grid-item-inner\"><div class=\"wpr-grid-media-wrap wpr-grayscale-in wpr-effect-size-medium \" data-overlay-link=\"yes\"><div class=\"wpr-grid-image-wrap\" data-src=\"https:\/\/ma-navette.com\/wp-content\/uploads\/2025\/06\/ma_navette_com_cover.jpg\" data-img-on-hover=\"\"  data-src-secondary=\"\"><img decoding=\"async\" data-no-lazy=\"1\" src=\"https:\/\/ma-navette.com\/wp-content\/uploads\/2025\/06\/ma_navette_com_cover.jpg\" alt=\"Transport du personnel, un cr\u00e9neau qui marche\" class=\"wpr-anim-timing-ease-default\"><\/div><div class=\"wpr-grid-media-hover wpr-animation-wrap\"><div class=\"wpr-grid-media-hover-bg  wpr-overlay-fade-in wpr-anim-size-large wpr-anim-timing-ease-default wpr-anim-transparency\" data-url=\"https:\/\/ma-navette.com\/index.php\/2025\/06\/18\/transport-du-personnel-un-creneau-qui-marche\/\"><\/div><\/div><\/div><div class=\"wpr-grid-item-below-content elementor-clearfix\"><h2 class=\"wpr-grid-item-title elementor-repeater-item-0fbe11c wpr-grid-item-display-block wpr-grid-item-align-left wpr-pointer-none wpr-pointer-line-fx wpr-pointer-fx-fade\"><div class=\"inner-block\"><a target=\"_self\"  href=\"https:\/\/ma-navette.com\/index.php\/2025\/06\/18\/transport-du-personnel-un-creneau-qui-marche\/\">Transport du personnel, un cr\u00e9neau qui marche<\/a><\/div><\/h2><div class=\"wpr-grid-item-date elementor-repeater-item-64b93c1 wpr-grid-item-display-inline wpr-grid-item-align-left\"><div class=\"inner-block\"><span>18 juin 2025<span class=\"wpr-grid-extra-text-right\">\/<\/span><\/span><\/div><\/div><div class=\"wpr-grid-item-excerpt elementor-repeater-item-d68d738 wpr-grid-item-display-block wpr-grid-item-align-left\"><div class=\"inner-block\"><p>Externaliser le transport du personnel est profitable financi\u00e8rement et permet un recentrage sur son c\u00c5\u201cur de m\u00e9tier, Les soci\u00e9t\u00e9s qui...<\/p><\/div><\/div><div class=\"wpr-grid-item-read-more elementor-repeater-item-9cf8fb8 wpr-grid-item-display-block wpr-grid-item-align-left\"><div class=\"inner-block\"><a target=\"_self\" href=\"https:\/\/ma-navette.com\/index.php\/2025\/06\/18\/transport-du-personnel-un-creneau-qui-marche\/\" class=\"wpr-button-effect wpr-button-none\"><span>  En savoir plus<\/span><\/a><\/div><\/div><\/div><\/div><\/article><article class=\"wpr-grid-item elementor-clearfix post-2577 post type-post status-publish format-standard has-post-thumbnail hentry category-non-classe\"><div class=\"wpr-grid-item-inner\"><div class=\"wpr-grid-media-wrap wpr-grayscale-in wpr-effect-size-medium \" data-overlay-link=\"yes\"><div class=\"wpr-grid-image-wrap\" data-src=\"https:\/\/ma-navette.com\/wp-content\/uploads\/2025\/06\/driver-dressed-elegant-costume-1-1-scaled.jpg\" data-img-on-hover=\"\"  data-src-secondary=\"\"><img decoding=\"async\" data-no-lazy=\"1\" src=\"https:\/\/ma-navette.com\/wp-content\/uploads\/2025\/06\/driver-dressed-elegant-costume-1-1-scaled.jpg\" alt=\"Les atouts du transport touristique au Maroc\" class=\"wpr-anim-timing-ease-default\"><\/div><div class=\"wpr-grid-media-hover wpr-animation-wrap\"><div class=\"wpr-grid-media-hover-bg  wpr-overlay-fade-in wpr-anim-size-large wpr-anim-timing-ease-default wpr-anim-transparency\" data-url=\"https:\/\/ma-navette.com\/index.php\/2025\/06\/18\/les-atouts-du-transport-touristique-au-maroc\/\"><\/div><\/div><\/div><div class=\"wpr-grid-item-below-content elementor-clearfix\"><h2 class=\"wpr-grid-item-title elementor-repeater-item-0fbe11c wpr-grid-item-display-block wpr-grid-item-align-left wpr-pointer-none wpr-pointer-line-fx wpr-pointer-fx-fade\"><div class=\"inner-block\"><a target=\"_self\"  href=\"https:\/\/ma-navette.com\/index.php\/2025\/06\/18\/les-atouts-du-transport-touristique-au-maroc\/\">Les atouts du transport touristique au Maroc<\/a><\/div><\/h2><div class=\"wpr-grid-item-date elementor-repeater-item-64b93c1 wpr-grid-item-display-inline wpr-grid-item-align-left\"><div class=\"inner-block\"><span>18 juin 2025<span class=\"wpr-grid-extra-text-right\">\/<\/span><\/span><\/div><\/div><div class=\"wpr-grid-item-excerpt elementor-repeater-item-d68d738 wpr-grid-item-display-block wpr-grid-item-align-left\"><div class=\"inner-block\"><p>Introduction Le Maroc est une terre de contrastes, offrant \u00e0 ses visiteurs une incroyable diversit\u00e9 de paysages, des montagnes de...<\/p><\/div><\/div><div class=\"wpr-grid-item-read-more elementor-repeater-item-9cf8fb8 wpr-grid-item-display-block wpr-grid-item-align-left\"><div class=\"inner-block\"><a target=\"_self\" href=\"https:\/\/ma-navette.com\/index.php\/2025\/06\/18\/les-atouts-du-transport-touristique-au-maroc\/\" class=\"wpr-button-effect wpr-button-none\"><span>  En savoir plus<\/span><\/a><\/div><\/div><\/div><\/div><\/article><article class=\"wpr-grid-item elementor-clearfix post-2571 post type-post status-publish format-standard has-post-thumbnail hentry category-non-classe\"><div class=\"wpr-grid-item-inner\"><div class=\"wpr-grid-media-wrap wpr-grayscale-in wpr-effect-size-medium \" data-overlay-link=\"yes\"><div class=\"wpr-grid-image-wrap\" data-src=\"https:\/\/ma-navette.com\/wp-content\/uploads\/2025\/06\/business-man-in-his-limousine-2022-01-27-22-33-24-utc-1024x666-1.jpg\" data-img-on-hover=\"\"  data-src-secondary=\"\"><img decoding=\"async\" data-no-lazy=\"1\" src=\"https:\/\/ma-navette.com\/wp-content\/uploads\/2025\/06\/business-man-in-his-limousine-2022-01-27-22-33-24-utc-1024x666-1.jpg\" alt=\"Business man in his limousine\" class=\"wpr-anim-timing-ease-default\"><\/div><div class=\"wpr-grid-media-hover wpr-animation-wrap\"><div class=\"wpr-grid-media-hover-bg  wpr-overlay-fade-in wpr-anim-size-large wpr-anim-timing-ease-default wpr-anim-transparency\" data-url=\"https:\/\/ma-navette.com\/index.php\/2025\/06\/18\/essor-des-vtc-comment-cette-industrie-a-revolutionne-le-transport-urbain\/\"><\/div><\/div><\/div><div class=\"wpr-grid-item-below-content elementor-clearfix\"><h2 class=\"wpr-grid-item-title elementor-repeater-item-0fbe11c wpr-grid-item-display-block wpr-grid-item-align-left wpr-pointer-none wpr-pointer-line-fx wpr-pointer-fx-fade\"><div class=\"inner-block\"><a target=\"_self\"  href=\"https:\/\/ma-navette.com\/index.php\/2025\/06\/18\/essor-des-vtc-comment-cette-industrie-a-revolutionne-le-transport-urbain\/\">L\u2019essor des VTC : Comment cette industrie a r\u00e9volutionn\u00e9 le transport urbain ?<\/a><\/div><\/h2><div class=\"wpr-grid-item-date elementor-repeater-item-64b93c1 wpr-grid-item-display-inline wpr-grid-item-align-left\"><div class=\"inner-block\"><span>18 juin 2025<span class=\"wpr-grid-extra-text-right\">\/<\/span><\/span><\/div><\/div><div class=\"wpr-grid-item-excerpt elementor-repeater-item-d68d738 wpr-grid-item-display-block wpr-grid-item-align-left\"><div class=\"inner-block\"><p>L\u2019industrie des V\u00e9hicules de Tourisme avec Chauffeur (VTC) a connu une ascension spectaculaire au cours des derni\u00e8res ann\u00e9es, transformant de...<\/p><\/div><\/div><div class=\"wpr-grid-item-read-more elementor-repeater-item-9cf8fb8 wpr-grid-item-display-block wpr-grid-item-align-left\"><div class=\"inner-block\"><a target=\"_self\" href=\"https:\/\/ma-navette.com\/index.php\/2025\/06\/18\/essor-des-vtc-comment-cette-industrie-a-revolutionne-le-transport-urbain\/\" class=\"wpr-button-effect wpr-button-none\"><span>  En savoir plus<\/span><\/a><\/div><\/div><\/div><\/div><\/article><article class=\"wpr-grid-item elementor-clearfix post-2568 post type-post status-publish format-standard has-post-thumbnail hentry category-non-classe\"><div class=\"wpr-grid-item-inner\"><div class=\"wpr-grid-media-wrap wpr-grayscale-in wpr-effect-size-medium \" data-overlay-link=\"yes\"><div class=\"wpr-grid-image-wrap\" data-src=\"https:\/\/ma-navette.com\/wp-content\/uploads\/2025\/06\/Le_role_crucial_de_l_innovation_VTC_dans_la_mobilite_d_entreprise.webp\" data-img-on-hover=\"\"  data-src-secondary=\"\"><img decoding=\"async\" data-no-lazy=\"1\" src=\"https:\/\/ma-navette.com\/wp-content\/uploads\/2025\/06\/Le_role_crucial_de_l_innovation_VTC_dans_la_mobilite_d_entreprise.webp\" alt=\"Le r\u00f4le crucial de l\u2019innovation VTC dans la mobilit\u00e9 d\u2019entreprise\" class=\"wpr-anim-timing-ease-default\"><\/div><div class=\"wpr-grid-media-hover wpr-animation-wrap\"><div class=\"wpr-grid-media-hover-bg  wpr-overlay-fade-in wpr-anim-size-large wpr-anim-timing-ease-default wpr-anim-transparency\" data-url=\"https:\/\/ma-navette.com\/index.php\/2025\/06\/18\/le-role-crucial-de-linnovation-vtc-dans-la-mobilite-dentreprise\/\"><\/div><\/div><\/div><div class=\"wpr-grid-item-below-content elementor-clearfix\"><h2 class=\"wpr-grid-item-title elementor-repeater-item-0fbe11c wpr-grid-item-display-block wpr-grid-item-align-left wpr-pointer-none wpr-pointer-line-fx wpr-pointer-fx-fade\"><div class=\"inner-block\"><a target=\"_self\"  href=\"https:\/\/ma-navette.com\/index.php\/2025\/06\/18\/le-role-crucial-de-linnovation-vtc-dans-la-mobilite-dentreprise\/\">Le r\u00f4le crucial de l\u2019innovation VTC dans la mobilit\u00e9 d\u2019entreprise<\/a><\/div><\/h2><div class=\"wpr-grid-item-date elementor-repeater-item-64b93c1 wpr-grid-item-display-inline wpr-grid-item-align-left\"><div class=\"inner-block\"><span>18 juin 2025<span class=\"wpr-grid-extra-text-right\">\/<\/span><\/span><\/div><\/div><div class=\"wpr-grid-item-excerpt elementor-repeater-item-d68d738 wpr-grid-item-display-block wpr-grid-item-align-left\"><div class=\"inner-block\"><p>Dans le monde de l\u2019entreprise en constante \u00e9volution d\u2019aujourd\u2019hui, la mobilit\u00e9 est devenue un aspect essentiel. Qu\u2019il s\u2019agisse de se...<\/p><\/div><\/div><div class=\"wpr-grid-item-read-more elementor-repeater-item-9cf8fb8 wpr-grid-item-display-block wpr-grid-item-align-left\"><div class=\"inner-block\"><a target=\"_self\" href=\"https:\/\/ma-navette.com\/index.php\/2025\/06\/18\/le-role-crucial-de-linnovation-vtc-dans-la-mobilite-dentreprise\/\" class=\"wpr-button-effect wpr-button-none\"><span>  En savoir plus<\/span><\/a><\/div><\/div><\/div><\/div><\/article><article class=\"wpr-grid-item elementor-clearfix post-2564 post type-post status-publish format-standard has-post-thumbnail hentry category-non-classe\"><div class=\"wpr-grid-item-inner\"><div class=\"wpr-grid-media-wrap wpr-grayscale-in wpr-effect-size-medium \" data-overlay-link=\"yes\"><div class=\"wpr-grid-image-wrap\" data-src=\"https:\/\/ma-navette.com\/wp-content\/uploads\/2025\/06\/JDDQM52MK5CWFH66IOTFBYNNRE.avif\" data-img-on-hover=\"\"  data-src-secondary=\"\"><img decoding=\"async\" data-no-lazy=\"1\" src=\"https:\/\/ma-navette.com\/wp-content\/uploads\/2025\/06\/JDDQM52MK5CWFH66IOTFBYNNRE.avif\" alt=\"Casablanca cherche de nouveaux services de mobilit\u00e9 d\u00e9sesp\u00e9r\u00e9ment\" class=\"wpr-anim-timing-ease-default\"><\/div><div class=\"wpr-grid-media-hover wpr-animation-wrap\"><div class=\"wpr-grid-media-hover-bg  wpr-overlay-fade-in wpr-anim-size-large wpr-anim-timing-ease-default wpr-anim-transparency\" data-url=\"https:\/\/ma-navette.com\/index.php\/2025\/06\/18\/casablanca-cherche-de-nouveaux-services-de-mobilite-desesperement\/\"><\/div><\/div><\/div><div class=\"wpr-grid-item-below-content elementor-clearfix\"><h2 class=\"wpr-grid-item-title elementor-repeater-item-0fbe11c wpr-grid-item-display-block wpr-grid-item-align-left wpr-pointer-none wpr-pointer-line-fx wpr-pointer-fx-fade\"><div class=\"inner-block\"><a target=\"_self\"  href=\"https:\/\/ma-navette.com\/index.php\/2025\/06\/18\/casablanca-cherche-de-nouveaux-services-de-mobilite-desesperement\/\">Casablanca cherche de nouveaux services de mobilit\u00e9 d\u00e9sesp\u00e9r\u00e9ment<\/a><\/div><\/h2><div class=\"wpr-grid-item-date elementor-repeater-item-64b93c1 wpr-grid-item-display-inline wpr-grid-item-align-left\"><div class=\"inner-block\"><span>18 juin 2025<span class=\"wpr-grid-extra-text-right\">\/<\/span><\/span><\/div><\/div><div class=\"wpr-grid-item-excerpt elementor-repeater-item-d68d738 wpr-grid-item-display-block wpr-grid-item-align-left\"><div class=\"inner-block\"><p>Revue de presse Casa Transport s\u2019active pour la r\u00e9alisation d\u2019une feuille de route pour le d\u00e9veloppement de nouveaux services de...<\/p><\/div><\/div><div class=\"wpr-grid-item-read-more elementor-repeater-item-9cf8fb8 wpr-grid-item-display-block wpr-grid-item-align-left\"><div class=\"inner-block\"><a target=\"_self\" href=\"https:\/\/ma-navette.com\/index.php\/2025\/06\/18\/casablanca-cherche-de-nouveaux-services-de-mobilite-desesperement\/\" class=\"wpr-button-effect wpr-button-none\"><span>  En savoir plus<\/span><\/a><\/div><\/div><\/div><\/div><\/article><article class=\"wpr-grid-item elementor-clearfix post-2561 post type-post status-publish format-standard has-post-thumbnail hentry category-non-classe\"><div class=\"wpr-grid-item-inner\"><div class=\"wpr-grid-media-wrap wpr-grayscale-in wpr-effect-size-medium \" data-overlay-link=\"yes\"><div class=\"wpr-grid-image-wrap\" data-src=\"https:\/\/ma-navette.com\/wp-content\/uploads\/2025\/06\/club-h24info.png\" data-img-on-hover=\"\"  data-src-secondary=\"\"><img decoding=\"async\" data-no-lazy=\"1\" src=\"https:\/\/ma-navette.com\/wp-content\/uploads\/2025\/06\/club-h24info.png\" alt=\"Vid\u00e9o. Samir Bennani, fondateur de Ma-Navette.com, invit\u00e9 de \u201cClub Entreprises\u201d\" class=\"wpr-anim-timing-ease-default\"><\/div><div class=\"wpr-grid-media-hover wpr-animation-wrap\"><div class=\"wpr-grid-media-hover-bg  wpr-overlay-fade-in wpr-anim-size-large wpr-anim-timing-ease-default wpr-anim-transparency\" data-url=\"https:\/\/ma-navette.com\/index.php\/2025\/06\/18\/video-samir-bennani-fondateur-de-ma-navette-com-invite-de-club-entreprises\/\"><\/div><\/div><\/div><div class=\"wpr-grid-item-below-content elementor-clearfix\"><h2 class=\"wpr-grid-item-title elementor-repeater-item-0fbe11c wpr-grid-item-display-block wpr-grid-item-align-left wpr-pointer-none wpr-pointer-line-fx wpr-pointer-fx-fade\"><div class=\"inner-block\"><a target=\"_self\"  href=\"https:\/\/ma-navette.com\/index.php\/2025\/06\/18\/video-samir-bennani-fondateur-de-ma-navette-com-invite-de-club-entreprises\/\">Vid\u00e9o. Samir Bennani, fondateur de Ma-Navette.com, invit\u00e9 de \u201cClub Entreprises\u201d<\/a><\/div><\/h2><div class=\"wpr-grid-item-date elementor-repeater-item-64b93c1 wpr-grid-item-display-inline wpr-grid-item-align-left\"><div class=\"inner-block\"><span>18 juin 2025<span class=\"wpr-grid-extra-text-right\">\/<\/span><\/span><\/div><\/div><div class=\"wpr-grid-item-excerpt elementor-repeater-item-d68d738 wpr-grid-item-display-block wpr-grid-item-align-left\"><div class=\"inner-block\"><p>Club Entreprises re\u00e7oit aujourd\u2019hui Samir Bennani, fondateur de MA-NAVETTE.COM, entreprise marocaine sp\u00e9cialis\u00e9e dans les services de transport pour les particuliers...<\/p><\/div><\/div><div class=\"wpr-grid-item-read-more elementor-repeater-item-9cf8fb8 wpr-grid-item-display-block wpr-grid-item-align-left\"><div class=\"inner-block\"><a target=\"_self\" href=\"https:\/\/ma-navette.com\/index.php\/2025\/06\/18\/video-samir-bennani-fondateur-de-ma-navette-com-invite-de-club-entreprises\/\" class=\"wpr-button-effect wpr-button-none\"><span>  En savoir plus<\/span><\/a><\/div><\/div><\/div><\/div><\/article><article class=\"wpr-grid-item elementor-clearfix post-2556 post type-post status-publish format-standard has-post-thumbnail hentry category-non-classe\"><div class=\"wpr-grid-item-inner\"><div class=\"wpr-grid-media-wrap wpr-grayscale-in wpr-effect-size-medium \" data-overlay-link=\"yes\"><div class=\"wpr-grid-image-wrap\" data-src=\"https:\/\/ma-navette.com\/wp-content\/uploads\/2025\/06\/bf7c11ff5016-Template-Ibexa_transport-et-logistique.jpg\" data-img-on-hover=\"\"  data-src-secondary=\"\"><img decoding=\"async\" data-no-lazy=\"1\" src=\"https:\/\/ma-navette.com\/wp-content\/uploads\/2025\/06\/bf7c11ff5016-Template-Ibexa_transport-et-logistique.jpg\" alt=\"Le secteur du transport et de la logistique au Maroc\" class=\"wpr-anim-timing-ease-default\"><\/div><div class=\"wpr-grid-media-hover wpr-animation-wrap\"><div class=\"wpr-grid-media-hover-bg  wpr-overlay-fade-in wpr-anim-size-large wpr-anim-timing-ease-default wpr-anim-transparency\" data-url=\"https:\/\/ma-navette.com\/index.php\/2025\/06\/18\/le-secteur-du-transport-et-de-la-logistique-au-maroc\/\"><\/div><\/div><\/div><div class=\"wpr-grid-item-below-content elementor-clearfix\"><h2 class=\"wpr-grid-item-title elementor-repeater-item-0fbe11c wpr-grid-item-display-block wpr-grid-item-align-left wpr-pointer-none wpr-pointer-line-fx wpr-pointer-fx-fade\"><div class=\"inner-block\"><a target=\"_self\"  href=\"https:\/\/ma-navette.com\/index.php\/2025\/06\/18\/le-secteur-du-transport-et-de-la-logistique-au-maroc\/\">Le secteur du transport et de la logistique au Maroc<\/a><\/div><\/h2><div class=\"wpr-grid-item-date elementor-repeater-item-64b93c1 wpr-grid-item-display-inline wpr-grid-item-align-left\"><div class=\"inner-block\"><span>18 juin 2025<span class=\"wpr-grid-extra-text-right\">\/<\/span><\/span><\/div><\/div><div class=\"wpr-grid-item-excerpt elementor-repeater-item-d68d738 wpr-grid-item-display-block wpr-grid-item-align-left\"><div class=\"inner-block\"><p>Le secteur du transport et de la logistique au Maroc occupe une position strat\u00e9gique, servant de lien vital entre l&rsquo;Europe,...<\/p><\/div><\/div><div class=\"wpr-grid-item-read-more elementor-repeater-item-9cf8fb8 wpr-grid-item-display-block wpr-grid-item-align-left\"><div class=\"inner-block\"><a target=\"_self\" href=\"https:\/\/ma-navette.com\/index.php\/2025\/06\/18\/le-secteur-du-transport-et-de-la-logistique-au-maroc\/\" class=\"wpr-button-effect wpr-button-none\"><span>  En savoir plus<\/span><\/a><\/div><\/div><\/div><\/div><\/article><article class=\"wpr-grid-item elementor-clearfix post-2553 post type-post status-publish format-standard has-post-thumbnail hentry category-non-classe\"><div class=\"wpr-grid-item-inner\"><div class=\"wpr-grid-media-wrap wpr-grayscale-in wpr-effect-size-medium \" data-overlay-link=\"yes\"><div class=\"wpr-grid-image-wrap\" data-src=\"https:\/\/ma-navette.com\/wp-content\/uploads\/2025\/06\/Route-rural-au-Maroc-DR.jpg\" data-img-on-hover=\"\"  data-src-secondary=\"\"><img decoding=\"async\" data-no-lazy=\"1\" src=\"https:\/\/ma-navette.com\/wp-content\/uploads\/2025\/06\/Route-rural-au-Maroc-DR.jpg\" alt=\"Transport rural : vers une mobilit\u00e9 l\u00e9gale et durable\" class=\"wpr-anim-timing-ease-default\"><\/div><div class=\"wpr-grid-media-hover wpr-animation-wrap\"><div class=\"wpr-grid-media-hover-bg  wpr-overlay-fade-in wpr-anim-size-large wpr-anim-timing-ease-default wpr-anim-transparency\" data-url=\"https:\/\/ma-navette.com\/index.php\/2025\/06\/18\/transport-rural-vers-une-mobilite-legale-et-durable\/\"><\/div><\/div><\/div><div class=\"wpr-grid-item-below-content elementor-clearfix\"><h2 class=\"wpr-grid-item-title elementor-repeater-item-0fbe11c wpr-grid-item-display-block wpr-grid-item-align-left wpr-pointer-none wpr-pointer-line-fx wpr-pointer-fx-fade\"><div class=\"inner-block\"><a target=\"_self\"  href=\"https:\/\/ma-navette.com\/index.php\/2025\/06\/18\/transport-rural-vers-une-mobilite-legale-et-durable\/\">Transport rural : vers une mobilit\u00e9 l\u00e9gale et durable<\/a><\/div><\/h2><div class=\"wpr-grid-item-date elementor-repeater-item-64b93c1 wpr-grid-item-display-inline wpr-grid-item-align-left\"><div class=\"inner-block\"><span>18 juin 2025<span class=\"wpr-grid-extra-text-right\">\/<\/span><\/span><\/div><\/div><div class=\"wpr-grid-item-excerpt elementor-repeater-item-d68d738 wpr-grid-item-display-block wpr-grid-item-align-left\"><div class=\"inner-block\"><p>Le minist\u00e8re du Transport et de la Logistique met en avant de nouvelles mesures pour encadrer l\u2019activit\u00e9 de transport en...<\/p><\/div><\/div><div class=\"wpr-grid-item-read-more elementor-repeater-item-9cf8fb8 wpr-grid-item-display-block wpr-grid-item-align-left\"><div class=\"inner-block\"><a target=\"_self\" href=\"https:\/\/ma-navette.com\/index.php\/2025\/06\/18\/transport-rural-vers-une-mobilite-legale-et-durable\/\" class=\"wpr-button-effect wpr-button-none\"><span>  En savoir plus<\/span><\/a><\/div><\/div><\/div><\/div><\/article><article class=\"wpr-grid-item elementor-clearfix post-2550 post type-post status-publish format-standard has-post-thumbnail hentry category-non-classe\"><div class=\"wpr-grid-item-inner\"><div class=\"wpr-grid-media-wrap wpr-grayscale-in wpr-effect-size-medium \" data-overlay-link=\"yes\"><div class=\"wpr-grid-image-wrap\" data-src=\"https:\/\/ma-navette.com\/wp-content\/uploads\/2025\/06\/71623480-49892724.jpg\" data-img-on-hover=\"\"  data-src-secondary=\"\"><img decoding=\"async\" data-no-lazy=\"1\" src=\"https:\/\/ma-navette.com\/wp-content\/uploads\/2025\/06\/71623480-49892724.jpg\" alt=\"Secteur du transport routier au Maroc : de nouvelles mesures pour relever les d\u00e9fis\" class=\"wpr-anim-timing-ease-default\"><\/div><div class=\"wpr-grid-media-hover wpr-animation-wrap\"><div class=\"wpr-grid-media-hover-bg  wpr-overlay-fade-in wpr-anim-size-large wpr-anim-timing-ease-default wpr-anim-transparency\" data-url=\"https:\/\/ma-navette.com\/index.php\/2025\/06\/18\/secteur-du-transport-routier-au-maroc-de-nouvelles-mesures-pour-relever-les-defis\/\"><\/div><\/div><\/div><div class=\"wpr-grid-item-below-content elementor-clearfix\"><h2 class=\"wpr-grid-item-title elementor-repeater-item-0fbe11c wpr-grid-item-display-block wpr-grid-item-align-left wpr-pointer-none wpr-pointer-line-fx wpr-pointer-fx-fade\"><div class=\"inner-block\"><a target=\"_self\"  href=\"https:\/\/ma-navette.com\/index.php\/2025\/06\/18\/secteur-du-transport-routier-au-maroc-de-nouvelles-mesures-pour-relever-les-defis\/\">Secteur du transport routier au Maroc : de nouvelles mesures pour relever les d\u00e9fis<\/a><\/div><\/h2><div class=\"wpr-grid-item-date elementor-repeater-item-64b93c1 wpr-grid-item-display-inline wpr-grid-item-align-left\"><div class=\"inner-block\"><span>18 juin 2025<span class=\"wpr-grid-extra-text-right\">\/<\/span><\/span><\/div><\/div><div class=\"wpr-grid-item-excerpt elementor-repeater-item-d68d738 wpr-grid-item-display-block wpr-grid-item-align-left\"><div class=\"inner-block\"><p>Face aux d\u00e9fis dans le transport routier au Maroc, le comit\u00e9 de pilotage a consacr\u00e9 deux r\u00e9unions avec les acteurs...<\/p><\/div><\/div><div class=\"wpr-grid-item-read-more elementor-repeater-item-9cf8fb8 wpr-grid-item-display-block wpr-grid-item-align-left\"><div class=\"inner-block\"><a target=\"_self\" href=\"https:\/\/ma-navette.com\/index.php\/2025\/06\/18\/secteur-du-transport-routier-au-maroc-de-nouvelles-mesures-pour-relever-les-defis\/\" class=\"wpr-button-effect wpr-button-none\"><span>  En savoir plus<\/span><\/a><\/div><\/div><\/div><\/div><\/article><article class=\"wpr-grid-item elementor-clearfix post-2547 post type-post status-publish format-standard has-post-thumbnail hentry category-non-classe\"><div class=\"wpr-grid-item-inner\"><div class=\"wpr-grid-media-wrap wpr-grayscale-in wpr-effect-size-medium \" data-overlay-link=\"yes\"><div class=\"wpr-grid-image-wrap\" data-src=\"https:\/\/ma-navette.com\/wp-content\/uploads\/2025\/06\/hand-climbing-wooden-blocks-represent-growth-1-1-scaled.jpg\" data-img-on-hover=\"\"  data-src-secondary=\"\"><img decoding=\"async\" data-no-lazy=\"1\" src=\"https:\/\/ma-navette.com\/wp-content\/uploads\/2025\/06\/hand-climbing-wooden-blocks-represent-growth-1-1-scaled.jpg\" alt=\"Les opportunit\u00e9s d\u2019innovation dans le secteur des transports touristiques au Maroc\" class=\"wpr-anim-timing-ease-default\"><\/div><div class=\"wpr-grid-media-hover wpr-animation-wrap\"><div class=\"wpr-grid-media-hover-bg  wpr-overlay-fade-in wpr-anim-size-large wpr-anim-timing-ease-default wpr-anim-transparency\" data-url=\"https:\/\/ma-navette.com\/index.php\/2025\/06\/18\/les-opportunites-dinnovation-dans-le-secteur-des-transports-touristiques-au-maroc\/\"><\/div><\/div><\/div><div class=\"wpr-grid-item-below-content elementor-clearfix\"><h2 class=\"wpr-grid-item-title elementor-repeater-item-0fbe11c wpr-grid-item-display-block wpr-grid-item-align-left wpr-pointer-none wpr-pointer-line-fx wpr-pointer-fx-fade\"><div class=\"inner-block\"><a target=\"_self\"  href=\"https:\/\/ma-navette.com\/index.php\/2025\/06\/18\/les-opportunites-dinnovation-dans-le-secteur-des-transports-touristiques-au-maroc\/\">Les opportunit\u00e9s d\u2019innovation dans le secteur des transports touristiques au Maroc<\/a><\/div><\/h2><div class=\"wpr-grid-item-date elementor-repeater-item-64b93c1 wpr-grid-item-display-inline wpr-grid-item-align-left\"><div class=\"inner-block\"><span>18 juin 2025<span class=\"wpr-grid-extra-text-right\">\/<\/span><\/span><\/div><\/div><div class=\"wpr-grid-item-excerpt elementor-repeater-item-d68d738 wpr-grid-item-display-block wpr-grid-item-align-left\"><div class=\"inner-block\"><p>Le secteur des transports touristiques au Maroc est en pleine mutation, port\u00e9 par la croissance du tourisme et les avanc\u00e9es...<\/p><\/div><\/div><div class=\"wpr-grid-item-read-more elementor-repeater-item-9cf8fb8 wpr-grid-item-display-block wpr-grid-item-align-left\"><div class=\"inner-block\"><a target=\"_self\" href=\"https:\/\/ma-navette.com\/index.php\/2025\/06\/18\/les-opportunites-dinnovation-dans-le-secteur-des-transports-touristiques-au-maroc\/\" class=\"wpr-button-effect wpr-button-none\"><span>  En savoir plus<\/span><\/a><\/div><\/div><\/div><\/div><\/article><article class=\"wpr-grid-item elementor-clearfix post-2543 post type-post status-publish format-standard has-post-thumbnail hentry category-non-classe\"><div class=\"wpr-grid-item-inner\"><div class=\"wpr-grid-media-wrap wpr-grayscale-in wpr-effect-size-medium \" data-overlay-link=\"yes\"><div class=\"wpr-grid-image-wrap\" data-src=\"https:\/\/ma-navette.com\/wp-content\/uploads\/2025\/06\/366904-1.webp\" data-img-on-hover=\"\"  data-src-secondary=\"\"><img decoding=\"async\" data-no-lazy=\"1\" src=\"https:\/\/ma-navette.com\/wp-content\/uploads\/2025\/06\/366904-1.webp\" alt=\"Transport touristique : un label d\u2019excellence en route !\" class=\"wpr-anim-timing-ease-default\"><\/div><div class=\"wpr-grid-media-hover wpr-animation-wrap\"><div class=\"wpr-grid-media-hover-bg  wpr-overlay-fade-in wpr-anim-size-large wpr-anim-timing-ease-default wpr-anim-transparency\" data-url=\"https:\/\/ma-navette.com\/index.php\/2025\/06\/18\/transport-touristique-un-label-dexcellence-en-route\/\"><\/div><\/div><\/div><div class=\"wpr-grid-item-below-content elementor-clearfix\"><h2 class=\"wpr-grid-item-title elementor-repeater-item-0fbe11c wpr-grid-item-display-block wpr-grid-item-align-left wpr-pointer-none wpr-pointer-line-fx wpr-pointer-fx-fade\"><div class=\"inner-block\"><a target=\"_self\"  href=\"https:\/\/ma-navette.com\/index.php\/2025\/06\/18\/transport-touristique-un-label-dexcellence-en-route\/\">Transport touristique : un label d\u2019excellence en route !<\/a><\/div><\/h2><div class=\"wpr-grid-item-date elementor-repeater-item-64b93c1 wpr-grid-item-display-inline wpr-grid-item-align-left\"><div class=\"inner-block\"><span>18 juin 2025<span class=\"wpr-grid-extra-text-right\">\/<\/span><\/span><\/div><\/div><div class=\"wpr-grid-item-excerpt elementor-repeater-item-d68d738 wpr-grid-item-display-block wpr-grid-item-align-left\"><div class=\"inner-block\"><p>Le compte \u00e0 rebours est lanc\u00e9 ! Un label d\u2019excellence d\u00e9di\u00e9 au transport des touristes est sur le point de...<\/p><\/div><\/div><div class=\"wpr-grid-item-read-more elementor-repeater-item-9cf8fb8 wpr-grid-item-display-block wpr-grid-item-align-left\"><div class=\"inner-block\"><a target=\"_self\" href=\"https:\/\/ma-navette.com\/index.php\/2025\/06\/18\/transport-touristique-un-label-dexcellence-en-route\/\" class=\"wpr-button-effect wpr-button-none\"><span>  En savoir plus<\/span><\/a><\/div><\/div><\/div><\/div><\/article><article class=\"wpr-grid-item elementor-clearfix post-2536 post type-post status-publish format-standard has-post-thumbnail hentry category-non-classe\"><div class=\"wpr-grid-item-inner\"><div class=\"wpr-grid-media-wrap wpr-grayscale-in wpr-effect-size-medium \" data-overlay-link=\"yes\"><div class=\"wpr-grid-image-wrap\" data-src=\"https:\/\/ma-navette.com\/wp-content\/uploads\/2025\/06\/transportscolaire.jpg\" data-img-on-hover=\"\"  data-src-secondary=\"\"><img decoding=\"async\" data-no-lazy=\"1\" src=\"https:\/\/ma-navette.com\/wp-content\/uploads\/2025\/06\/transportscolaire.jpg\" alt=\"Augmentation \u00e0 75% de la capacit\u00e9 des v\u00e9hicules du transport scolaire et du personnel\" class=\"wpr-anim-timing-ease-default\"><\/div><div class=\"wpr-grid-media-hover wpr-animation-wrap\"><div class=\"wpr-grid-media-hover-bg  wpr-overlay-fade-in wpr-anim-size-large wpr-anim-timing-ease-default wpr-anim-transparency\" data-url=\"https:\/\/ma-navette.com\/index.php\/2025\/06\/18\/2536\/\"><\/div><\/div><\/div><div class=\"wpr-grid-item-below-content elementor-clearfix\"><h2 class=\"wpr-grid-item-title elementor-repeater-item-0fbe11c wpr-grid-item-display-block wpr-grid-item-align-left wpr-pointer-none wpr-pointer-line-fx wpr-pointer-fx-fade\"><div class=\"inner-block\"><a target=\"_self\"  href=\"https:\/\/ma-navette.com\/index.php\/2025\/06\/18\/2536\/\">Augmentation \u00e0 75% de la capacit\u00e9 des v\u00e9hicules du transport scolaire et du personnel<\/a><\/div><\/h2><div class=\"wpr-grid-item-date elementor-repeater-item-64b93c1 wpr-grid-item-display-inline wpr-grid-item-align-left\"><div class=\"inner-block\"><span>18 juin 2025<span class=\"wpr-grid-extra-text-right\">\/<\/span><\/span><\/div><\/div><div class=\"wpr-grid-item-excerpt elementor-repeater-item-d68d738 wpr-grid-item-display-block wpr-grid-item-align-left\"><div class=\"inner-block\"><p>La capacit\u00e9 autoris\u00e9e des v\u00e9hicules du transport du personnel et du transport scolaire a \u00e9t\u00e9 augment\u00e9e \u00e0 75 %, \u00e0...<\/p><\/div><\/div><div class=\"wpr-grid-item-read-more elementor-repeater-item-9cf8fb8 wpr-grid-item-display-block wpr-grid-item-align-left\"><div class=\"inner-block\"><a target=\"_self\" href=\"https:\/\/ma-navette.com\/index.php\/2025\/06\/18\/2536\/\" class=\"wpr-button-effect wpr-button-none\"><span>  En savoir plus<\/span><\/a><\/div><\/div><\/div><\/div><\/article><article class=\"wpr-grid-item elementor-clearfix post-2531 post type-post status-publish format-standard has-post-thumbnail hentry category-non-classe\"><div class=\"wpr-grid-item-inner\"><div class=\"wpr-grid-media-wrap wpr-grayscale-in wpr-effect-size-medium \" data-overlay-link=\"yes\"><div class=\"wpr-grid-image-wrap\" data-src=\"https:\/\/ma-navette.com\/wp-content\/uploads\/2025\/06\/Modernisation-des-transports.jpg\" data-img-on-hover=\"\"  data-src-secondary=\"\"><img decoding=\"async\" data-no-lazy=\"1\" src=\"https:\/\/ma-navette.com\/wp-content\/uploads\/2025\/06\/Modernisation-des-transports.jpg\" alt=\"Modernisation des transports : Des chantiers structurants dans le pipe\" class=\"wpr-anim-timing-ease-default\"><\/div><div class=\"wpr-grid-media-hover wpr-animation-wrap\"><div class=\"wpr-grid-media-hover-bg  wpr-overlay-fade-in wpr-anim-size-large wpr-anim-timing-ease-default wpr-anim-transparency\" data-url=\"https:\/\/ma-navette.com\/index.php\/2025\/06\/18\/modernisation-des-transports-des-chantiers-structurants-dans-le-pipe\/\"><\/div><\/div><\/div><div class=\"wpr-grid-item-below-content elementor-clearfix\"><h2 class=\"wpr-grid-item-title elementor-repeater-item-0fbe11c wpr-grid-item-display-block wpr-grid-item-align-left wpr-pointer-none wpr-pointer-line-fx wpr-pointer-fx-fade\"><div class=\"inner-block\"><a target=\"_self\"  href=\"https:\/\/ma-navette.com\/index.php\/2025\/06\/18\/modernisation-des-transports-des-chantiers-structurants-dans-le-pipe\/\">Modernisation des transports : Des chantiers structurants dans le pipe<\/a><\/div><\/h2><div class=\"wpr-grid-item-date elementor-repeater-item-64b93c1 wpr-grid-item-display-inline wpr-grid-item-align-left\"><div class=\"inner-block\"><span>18 juin 2025<span class=\"wpr-grid-extra-text-right\">\/<\/span><\/span><\/div><\/div><div class=\"wpr-grid-item-excerpt elementor-repeater-item-d68d738 wpr-grid-item-display-block wpr-grid-item-align-left\"><div class=\"inner-block\"><p>D\u2019importants investissements sont en cours visant le renforcement du r\u00e9seau routier et autoroutier, la durabilit\u00e9 du transport ferroviaire, l\u2019augmentation de...<\/p><\/div><\/div><div class=\"wpr-grid-item-read-more elementor-repeater-item-9cf8fb8 wpr-grid-item-display-block wpr-grid-item-align-left\"><div class=\"inner-block\"><a target=\"_self\" href=\"https:\/\/ma-navette.com\/index.php\/2025\/06\/18\/modernisation-des-transports-des-chantiers-structurants-dans-le-pipe\/\" class=\"wpr-button-effect wpr-button-none\"><span>  En savoir plus<\/span><\/a><\/div><\/div><\/div><\/div><\/article><\/section><div class=\"wpr-grid-pagination elementor-clearfix wpr-grid-pagination-load-more\"><a href=\"https:\/\/ma-navette.com\/index.php\/wp-json\/wp\/v2\/pages\/2428\/page\/2\/\" class=\"wpr-load-more-btn\" data-e-disable-page-transition >Charger plus<\/a><div class=\"wpr-pagination-loading\"><div class=\"wpr-double-bounce\"><div class=\"wpr-child wpr-double-bounce1\"><\/div><div class=\"wpr-child wpr-double-bounce2\"><\/div><\/div><\/div><p class=\"wpr-pagination-finish\">End of Content.<\/p><\/div>\t\t\t\t<\/div>\n\t\t\t\t<\/div>\n\t\t\t\t\t<\/div>\n\t\t<\/div>\n\t\t\t\t\t<\/div>\n\t\t<\/section>\n\t\t\t\t<\/div>\n\t\t","protected":false},"excerpt":{"rendered":"<p>Transport routier : Plus de 250.000 v\u00e9hicules en circulation 18 juin 2025\/ Avec environ 105.000 entreprises et un parc de plus de 295.000 v\u00e9hicules, le secteur du transport routier au Maroc est&#8230; En savoir plus Transport du personnel, un cr\u00e9neau qui marche 18 juin 2025\/ Externaliser le transport du personnel est profitable financi\u00e8rement et permet un recentrage sur son c\u00c5\u201cur de m\u00e9tier, Les soci\u00e9t\u00e9s qui&#8230; En savoir plus Les atouts du transport touristique au Maroc 18 juin 2025\/ Introduction Le Maroc est une terre de contrastes, offrant \u00e0 ses visiteurs une incroyable diversit\u00e9 de paysages, des montagnes de&#8230; En savoir plus L\u2019essor des VTC : Comment cette industrie a r\u00e9volutionn\u00e9 le transport urbain ? 18 juin 2025\/ L\u2019industrie des V\u00e9hicules de Tourisme avec Chauffeur (VTC) a connu une ascension spectaculaire au cours des derni\u00e8res ann\u00e9es, transformant de&#8230; En savoir plus Le r\u00f4le crucial de l\u2019innovation VTC dans la mobilit\u00e9 d\u2019entreprise 18 juin 2025\/ Dans le monde de l\u2019entreprise en constante \u00e9volution d\u2019aujourd\u2019hui, la mobilit\u00e9 est devenue un aspect essentiel. Qu\u2019il s\u2019agisse de se&#8230; En savoir plus Casablanca cherche de nouveaux services de mobilit\u00e9 d\u00e9sesp\u00e9r\u00e9ment 18 juin 2025\/ Revue de presse Casa Transport s\u2019active pour la r\u00e9alisation d\u2019une feuille de route pour le d\u00e9veloppement de nouveaux services de&#8230; En savoir plus Vid\u00e9o. Samir Bennani, fondateur de Ma-Navette.com, invit\u00e9 de \u201cClub Entreprises\u201d 18 juin 2025\/ Club Entreprises re\u00e7oit aujourd\u2019hui Samir Bennani, fondateur de MA-NAVETTE.COM, entreprise marocaine sp\u00e9cialis\u00e9e dans les services de transport pour les particuliers&#8230; En savoir plus Le secteur du transport et de la logistique au Maroc 18 juin 2025\/ Le secteur du transport et de la logistique au Maroc occupe une position strat\u00e9gique, servant de lien vital entre l&rsquo;Europe,&#8230; En savoir plus Transport rural : vers une mobilit\u00e9 l\u00e9gale et durable 18 juin 2025\/ Le minist\u00e8re du Transport et de la Logistique met en avant de nouvelles mesures pour encadrer l\u2019activit\u00e9 de transport en&#8230; En savoir plus Secteur du transport routier au Maroc : de nouvelles mesures pour relever les d\u00e9fis 18 juin 2025\/ Face aux d\u00e9fis dans le transport routier au Maroc, le comit\u00e9 de pilotage a consacr\u00e9 deux r\u00e9unions avec les acteurs&#8230; En savoir plus Les opportunit\u00e9s d\u2019innovation dans le secteur des transports touristiques au Maroc 18 juin 2025\/ Le secteur des transports touristiques au Maroc est en pleine mutation, port\u00e9 par la croissance du tourisme et les avanc\u00e9es&#8230; En savoir plus Transport touristique : un label d\u2019excellence en route ! 18 juin 2025\/ Le compte \u00e0 rebours est lanc\u00e9 ! Un label d\u2019excellence d\u00e9di\u00e9 au transport des touristes est sur le point de&#8230; En savoir plus Augmentation \u00e0 75% de la capacit\u00e9 des v\u00e9hicules du transport scolaire et du personnel 18 juin 2025\/ La capacit\u00e9 autoris\u00e9e des v\u00e9hicules du transport du personnel et du transport scolaire a \u00e9t\u00e9 augment\u00e9e \u00e0 75 %, \u00e0&#8230; En savoir plus Modernisation des transports : Des chantiers structurants dans le pipe 18 juin 2025\/ D\u2019importants investissements sont en cours visant le renforcement du r\u00e9seau routier et autoroutier, la durabilit\u00e9 du transport ferroviaire, l\u2019augmentation de&#8230; En savoir plus Charger plus End of Content.<\/p>\n","protected":false},"author":1,"featured_media":0,"parent":0,"menu_order":0,"comment_status":"closed","ping_status":"closed","template":"","meta":{"footnotes":""},"class_list":["post-2428","page","type-page","status-publish","hentry"],"yoast_head":"<!-- This site is optimized with the Yoast SEO plugin v26.5 - https:\/\/yoast.com\/wordpress\/plugins\/seo\/ -->\n<title>PRESSE - Ma-navette<\/title>\n<meta name=\"description\" content=\"Ma Navette, c&#039;est votre chauffeur priv\u00e9 qui vous offre un service de qualit\u00e9 et vous accompagne, de jour comme de nuit, o\u00f9 que vous alliez.\" \/>\n<meta name=\"robots\" content=\"index, follow, max-snippet:-1, max-image-preview:large, max-video-preview:-1\" \/>\n<link rel=\"canonical\" href=\"https:\/\/ma-navette.com\/index.php\/presse\/\" \/>\n<meta property=\"og:locale\" content=\"fr_FR\" \/>\n<meta property=\"og:type\" content=\"article\" \/>\n<meta property=\"og:title\" content=\"PRESSE - Ma-navette\" \/>\n<meta property=\"og:description\" content=\"Ma Navette, c&#039;est votre chauffeur priv\u00e9 qui vous offre un service de qualit\u00e9 et vous accompagne, de jour comme de nuit, o\u00f9 que vous alliez.\" \/>\n<meta property=\"og:url\" content=\"https:\/\/ma-navette.com\/index.php\/presse\/\" \/>\n<meta property=\"og:site_name\" content=\"Ma-navette\" \/>\n<meta property=\"article:modified_time\" content=\"2025-12-02T11:15:22+00:00\" \/>\n<meta property=\"og:image\" content=\"https:\/\/ma-navette.com\/wp-content\/uploads\/2025\/06\/Burkina-Faso-transport.webp\" \/>\n<meta name=\"twitter:card\" content=\"summary_large_image\" \/>\n<meta name=\"twitter:label1\" content=\"Dur\u00e9e de lecture estim\u00e9e\" \/>\n\t<meta name=\"twitter:data1\" content=\"3 minutes\" \/>\n<script type=\"application\/ld+json\" class=\"yoast-schema-graph\">{\"@context\":\"https:\/\/schema.org\",\"@graph\":[{\"@type\":\"WebPage\",\"@id\":\"https:\/\/ma-navette.com\/index.php\/presse\/\",\"url\":\"https:\/\/ma-navette.com\/index.php\/presse\/\",\"name\":\"PRESSE - Ma-navette\",\"isPartOf\":{\"@id\":\"https:\/\/ma-navette.com\/#website\"},\"primaryImageOfPage\":{\"@id\":\"https:\/\/ma-navette.com\/index.php\/presse\/#primaryimage\"},\"image\":{\"@id\":\"https:\/\/ma-navette.com\/index.php\/presse\/#primaryimage\"},\"thumbnailUrl\":\"https:\/\/ma-navette.com\/wp-content\/uploads\/2025\/06\/Burkina-Faso-transport.webp\",\"datePublished\":\"2025-06-12T15:40:50+00:00\",\"dateModified\":\"2025-12-02T11:15:22+00:00\",\"description\":\"Ma Navette, c'est votre chauffeur priv\u00e9 qui vous offre un service de qualit\u00e9 et vous accompagne, de jour comme de nuit, o\u00f9 que vous alliez.\",\"breadcrumb\":{\"@id\":\"https:\/\/ma-navette.com\/index.php\/presse\/#breadcrumb\"},\"inLanguage\":\"fr-FR\",\"potentialAction\":[{\"@type\":\"ReadAction\",\"target\":[\"https:\/\/ma-navette.com\/index.php\/presse\/\"]}]},{\"@type\":\"ImageObject\",\"inLanguage\":\"fr-FR\",\"@id\":\"https:\/\/ma-navette.com\/index.php\/presse\/#primaryimage\",\"url\":\"https:\/\/ma-navette.com\/wp-content\/uploads\/2025\/06\/Burkina-Faso-transport.webp\",\"contentUrl\":\"https:\/\/ma-navette.com\/wp-content\/uploads\/2025\/06\/Burkina-Faso-transport.webp\",\"width\":800,\"height\":533},{\"@type\":\"BreadcrumbList\",\"@id\":\"https:\/\/ma-navette.com\/index.php\/presse\/#breadcrumb\",\"itemListElement\":[{\"@type\":\"ListItem\",\"position\":1,\"name\":\"Accueil\",\"item\":\"https:\/\/ma-navette.com\/\"},{\"@type\":\"ListItem\",\"position\":2,\"name\":\"PRESSE\"}]},{\"@type\":\"WebSite\",\"@id\":\"https:\/\/ma-navette.com\/#website\",\"url\":\"https:\/\/ma-navette.com\/\",\"name\":\"Ma-navette\",\"description\":\"\",\"publisher\":{\"@id\":\"https:\/\/ma-navette.com\/#organization\"},\"potentialAction\":[{\"@type\":\"SearchAction\",\"target\":{\"@type\":\"EntryPoint\",\"urlTemplate\":\"https:\/\/ma-navette.com\/?s={search_term_string}\"},\"query-input\":{\"@type\":\"PropertyValueSpecification\",\"valueRequired\":true,\"valueName\":\"search_term_string\"}}],\"inLanguage\":\"fr-FR\"},{\"@type\":\"Organization\",\"@id\":\"https:\/\/ma-navette.com\/#organization\",\"name\":\"Ma-navette\",\"url\":\"https:\/\/ma-navette.com\/\",\"logo\":{\"@type\":\"ImageObject\",\"inLanguage\":\"fr-FR\",\"@id\":\"https:\/\/ma-navette.com\/#\/schema\/logo\/image\/\",\"url\":\"https:\/\/ma-navette.com\/wp-content\/uploads\/2024\/08\/LOGO5.png\",\"contentUrl\":\"https:\/\/ma-navette.com\/wp-content\/uploads\/2024\/08\/LOGO5.png\",\"width\":1269,\"height\":172,\"caption\":\"Ma-navette\"},\"image\":{\"@id\":\"https:\/\/ma-navette.com\/#\/schema\/logo\/image\/\"}}]}<\/script>\n<!-- \/ Yoast SEO plugin. -->","yoast_head_json":{"title":"PRESSE - Ma-navette","description":"Ma Navette, c'est votre chauffeur priv\u00e9 qui vous offre un service de qualit\u00e9 et vous accompagne, de jour comme de nuit, o\u00f9 que vous alliez.","robots":{"index":"index","follow":"follow","max-snippet":"max-snippet:-1","max-image-preview":"max-image-preview:large","max-video-preview":"max-video-preview:-1"},"canonical":"https:\/\/ma-navette.com\/index.php\/presse\/","og_locale":"fr_FR","og_type":"article","og_title":"PRESSE - Ma-navette","og_description":"Ma Navette, c'est votre chauffeur priv\u00e9 qui vous offre un service de qualit\u00e9 et vous accompagne, de jour comme de nuit, o\u00f9 que vous alliez.","og_url":"https:\/\/ma-navette.com\/index.php\/presse\/","og_site_name":"Ma-navette","article_modified_time":"2025-12-02T11:15:22+00:00","og_image":[{"url":"https:\/\/ma-navette.com\/wp-content\/uploads\/2025\/06\/Burkina-Faso-transport.webp","type":"","width":"","height":""}],"twitter_card":"summary_large_image","twitter_misc":{"Dur\u00e9e de lecture estim\u00e9e":"3 minutes"},"schema":{"@context":"https:\/\/schema.org","@graph":[{"@type":"WebPage","@id":"https:\/\/ma-navette.com\/index.php\/presse\/","url":"https:\/\/ma-navette.com\/index.php\/presse\/","name":"PRESSE - Ma-navette","isPartOf":{"@id":"https:\/\/ma-navette.com\/#website"},"primaryImageOfPage":{"@id":"https:\/\/ma-navette.com\/index.php\/presse\/#primaryimage"},"image":{"@id":"https:\/\/ma-navette.com\/index.php\/presse\/#primaryimage"},"thumbnailUrl":"https:\/\/ma-navette.com\/wp-content\/uploads\/2025\/06\/Burkina-Faso-transport.webp","datePublished":"2025-06-12T15:40:50+00:00","dateModified":"2025-12-02T11:15:22+00:00","description":"Ma Navette, c'est votre chauffeur priv\u00e9 qui vous offre un service de qualit\u00e9 et vous accompagne, de jour comme de nuit, o\u00f9 que vous alliez.","breadcrumb":{"@id":"https:\/\/ma-navette.com\/index.php\/presse\/#breadcrumb"},"inLanguage":"fr-FR","potentialAction":[{"@type":"ReadAction","target":["https:\/\/ma-navette.com\/index.php\/presse\/"]}]},{"@type":"ImageObject","inLanguage":"fr-FR","@id":"https:\/\/ma-navette.com\/index.php\/presse\/#primaryimage","url":"https:\/\/ma-navette.com\/wp-content\/uploads\/2025\/06\/Burkina-Faso-transport.webp","contentUrl":"https:\/\/ma-navette.com\/wp-content\/uploads\/2025\/06\/Burkina-Faso-transport.webp","width":800,"height":533},{"@type":"BreadcrumbList","@id":"https:\/\/ma-navette.com\/index.php\/presse\/#breadcrumb","itemListElement":[{"@type":"ListItem","position":1,"name":"Accueil","item":"https:\/\/ma-navette.com\/"},{"@type":"ListItem","position":2,"name":"PRESSE"}]},{"@type":"WebSite","@id":"https:\/\/ma-navette.com\/#website","url":"https:\/\/ma-navette.com\/","name":"Ma-navette","description":"","publisher":{"@id":"https:\/\/ma-navette.com\/#organization"},"potentialAction":[{"@type":"SearchAction","target":{"@type":"EntryPoint","urlTemplate":"https:\/\/ma-navette.com\/?s={search_term_string}"},"query-input":{"@type":"PropertyValueSpecification","valueRequired":true,"valueName":"search_term_string"}}],"inLanguage":"fr-FR"},{"@type":"Organization","@id":"https:\/\/ma-navette.com\/#organization","name":"Ma-navette","url":"https:\/\/ma-navette.com\/","logo":{"@type":"ImageObject","inLanguage":"fr-FR","@id":"https:\/\/ma-navette.com\/#\/schema\/logo\/image\/","url":"https:\/\/ma-navette.com\/wp-content\/uploads\/2024\/08\/LOGO5.png","contentUrl":"https:\/\/ma-navette.com\/wp-content\/uploads\/2024\/08\/LOGO5.png","width":1269,"height":172,"caption":"Ma-navette"},"image":{"@id":"https:\/\/ma-navette.com\/#\/schema\/logo\/image\/"}}]}},"_links":{"self":[{"href":"https:\/\/ma-navette.com\/index.php\/wp-json\/wp\/v2\/pages\/2428","targetHints":{"allow":["GET"]}}],"collection":[{"href":"https:\/\/ma-navette.com\/index.php\/wp-json\/wp\/v2\/pages"}],"about":[{"href":"https:\/\/ma-navette.com\/index.php\/wp-json\/wp\/v2\/types\/page"}],"author":[{"embeddable":true,"href":"https:\/\/ma-navette.com\/index.php\/wp-json\/wp\/v2\/users\/1"}],"replies":[{"embeddable":true,"href":"https:\/\/ma-navette.com\/index.php\/wp-json\/wp\/v2\/comments?post=2428"}],"version-history":[{"count":36,"href":"https:\/\/ma-navette.com\/index.php\/wp-json\/wp\/v2\/pages\/2428\/revisions"}],"predecessor-version":[{"id":3816,"href":"https:\/\/ma-navette.com\/index.php\/wp-json\/wp\/v2\/pages\/2428\/revisions\/3816"}],"wp:attachment":[{"href":"https:\/\/ma-navette.com\/index.php\/wp-json\/wp\/v2\/media?parent=2428"}],"curies":[{"name":"wp","href":"https:\/\/api.w.org\/{rel}","templated":true}]}}